{"id":3377,"date":"2022-11-10T10:08:57","date_gmt":"2022-11-10T10:08:57","guid":{"rendered":"https:\/\/uri.org.al\/?post_type=gallery&#038;p=3377"},"modified":"2022-11-10T13:32:28","modified_gmt":"2022-11-10T13:32:28","slug":"njoftim-green27","status":"publish","type":"gallery","link":"https:\/\/uri.org.al\/sq\/gallery\/njoftim-green27\/","title":{"rendered":"Njoftim p\u00ebr Shtyp: Progres i Kufizuar n\u00eb Fush\u00ebn e Mjedisit dhe Ndryshimeve Klimatike n\u00eb t\u00eb gjith\u00eb Rajonin e Ballkanit Per\u00ebndimor"},"content":{"rendered":"\n<figure class=\"wp-block-image size-full is-resized\"><img loading=\"lazy\" decoding=\"async\" src=\"https:\/\/uri.org.al\/wp-content\/uploads\/2022\/11\/njoftim-per-shtyp-web.png\" alt=\"\" class=\"wp-image-3380\" width=\"838\" height=\"279\" srcset=\"https:\/\/uri.org.al\/wp-content\/uploads\/2022\/11\/njoftim-per-shtyp-web.png 600w, https:\/\/uri.org.al\/wp-content\/uploads\/2022\/11\/njoftim-per-shtyp-web-300x100.png 300w\" sizes=\"auto, (max-width: 838px) 100vw, 838px\" \/><\/figure>\n\n\n\n<br>\n\n\n\n<p>Komisioni Evropian ka publikuar Paket\u00ebn e re t\u00eb Zgjerimit p\u00ebr Ballkanin Per\u00ebndimor dhe Turqin\u00eb, e cila p\u00ebrfshin raportet e progresit mbi an\u00ebtar\u00ebsimin e t\u00eb gjasht\u00eb vendeve t\u00eb Ballkanit Per\u00ebndimor.<\/p>\n\n\n\n<p>T\u00eb gjitha vendet paraqesin progres t\u00eb pak\u00ebt ose dhe deri n\u00eb munges\u00eb progresi n\u00eb lidhje me p\u00ebrafrimin dhe zbatimin e politikave mjedisore t\u00eb BE-s\u00eb. Politikat ekzistuese dhe nivelet e investimeve nuk kan\u00eb qen\u00eb efikase n\u00eb trajtimin e problemeve t\u00eb akumuluara n\u00eb mjedis, probleme t\u00eb cilat ndikojn\u00eb drejtp\u00ebrdrejt n\u00eb cil\u00ebsin\u00eb e jet\u00ebs s\u00eb qytetar\u00ebve. <\/p>\n\n\n\n<p>Tranzicioni i energjis\u00eb, dekarbonizimi dhe largimi nga qymyri ka qen\u00eb shum\u00eb i ngadalt\u00eb dhe mungon angazhimi dhe dedikimi shum\u00eb i k\u00ebrkuar n\u00eb nivel nd\u00ebrsektorial. Ndotja e ajrit ka ngritur shqet\u00ebsime serioze te qytetar\u00ebt, por qeverit\u00eb nuk po e marrin seriozisht k\u00ebt\u00eb shqet\u00ebsim dhe p\u00ebrgjith\u00ebsisht jan\u00eb jo efektiv\u00eb n\u00eb zbatimin e masave p\u00ebr uljen e ndotjes s\u00eb ajrit. P\u00ebrfitimet e ofruara nga ekosistemet natyrore nuk njihen dhe as nuk integrohen n\u00eb politikat e zhvillimit. N\u00eb vend t\u00eb k\u00ebsaj, shum\u00eb habitate t\u00eb vlefshme natyrore, duke p\u00ebrfshir\u00eb dhe lumenjt\u00eb, jan\u00eb shum\u00eb t\u00eb k\u00ebrc\u00ebnuar dhe ndikimi i investimeve t\u00eb ndryshme strategjike n\u00eb to k\u00ebrkon nj\u00eb shqyrtim t\u00eb kujdessh\u00ebm. <\/p>\n\n\n\n<p>P\u00ebr t\u00eb nxitur p\u00ebrmir\u00ebsimet mjedisore n\u00eb rajon, n\u00eb vitin 2020, vendet e Ballkanit Per\u00ebndimor n\u00ebnshkruan Deklarat\u00ebn e Sofjes dhe nis\u00ebn zbatimin e Agjend\u00ebs s\u00eb Gjelb\u00ebr p\u00ebr Ballkanin Per\u00ebndimor. <\/p>\n\n\n\n<p>Dy vjet m\u00eb von\u00eb, viti 2022, ende nuk ka efekte t\u00eb prekshme pozitive t\u00eb Axhend\u00ebs s\u00eb Gjelb\u00ebr. &#8220;<em>Ne mund t\u00eb pajtohemi pjes\u00ebrisht se nevojitet m\u00eb shum\u00eb koh\u00eb p\u00ebr t\u00eb v\u00ebn\u00eb n\u00eb l\u00ebvizje nj\u00eb mekaniz\u00ebm t\u00eb till\u00eb, por jemi t\u00eb dekurajuar edhe nga mungesa e zot\u00ebrimit, e transparenc\u00ebs dhe e pjes\u00ebmarrjes s\u00eb aktor\u00ebve p\u00ebrkat\u00ebs nga sektor\u00eb t\u00eb ndrysh\u00ebm, p\u00ebrfshir\u00eb sektorin civil. Zbatimi efektiv i Axhend\u00ebs s\u00eb Gjelb\u00ebr dhe Zgjidhja efektive e sfidave komplekse mjedisore k\u00ebrkon shum\u00eb m\u00eb tep\u00ebr bashk\u00ebpunim n\u00eb nivel komb\u00ebtar n\u00ebp\u00ebr sektor\u00eb t\u00eb ndrysh\u00ebm si dhe nd\u00ebrmjet qeverive n\u00eb nivel rajonal<\/em>\u201d, thot\u00eb Goran Sekuliq nga WWF Adria. <\/p>\n\n\n\n<p>Vitin e kaluar, Rrjeti Rajonal Mjedisor 27<sup>[1]<\/sup>, u krijua nga gjasht\u00eb platforma komb\u00ebtare t\u00eb shoq\u00ebris\u00eb civile nga Ballkani Per\u00ebndimor, duke u fokusuar n\u00eb pranimin n\u00eb BE n\u00eb sektorin e mjedisit dhe ndryshimeve klimatike. <br>Ekspert\u00ebt e Rrjedit Rajonal Mjedisor i b\u00ebjn\u00eb thirrje qeverive t\u00eb Ballkanit Per\u00ebndimor q\u00eb t\u00eb forcojn\u00eb bashk\u00ebpunimin n\u00eb fush\u00ebn e mjedisit, pasi shum\u00eb nga problemet mjedisore me t\u00eb cilat po p\u00ebrballemi jan\u00eb probleme rajonale. Ftojm\u00eb gjithashtu qeverit\u00eb t\u00eb rrisin transparenc\u00ebn n\u00eb zhvillimin dhe zbatimin e politikave dhe t\u00eb mund\u00ebsojn\u00eb pjes\u00ebmarrjen efektive t\u00eb sektorit t\u00eb shoq\u00ebris\u00eb civile. Si rrjet, ne jemi t\u00eb gatsh\u00ebm t\u00eb bashk\u00ebpunojm\u00eb n\u00eb m\u00ebnyr\u00eb aktive dhe t\u00eb kontribuojm\u00eb n\u00eb procesin e an\u00ebtar\u00ebsimit n\u00eb BE si n\u00eb nivel komb\u00ebtar dhe rajonal dhe p\u00ebr t\u00eb ndihmuar n\u00eb zhvillimin e mekanizmave p\u00ebr t\u00eb lejuar p\u00ebrfshirjen efektive t\u00eb organizatave t\u00eb shoq\u00ebris\u00eb civile n\u00eb planifikimin dhe zbatimin e Axhend\u00ebs s\u00eb Gjelb\u00ebr. <\/p>\n\n\n\n<p><em>Sh\u00ebnim<\/em>:<br><sup>[1]<\/sup> Rrjeti Rajonal Mjedisor 27 bashkon gjasht\u00eb platforma t\u00eb shoq\u00ebris\u00eb civile nga vendet e Ballkanit Per\u00ebndimor: Green 27 nga Shqip\u00ebria; Partneriteti 27 nga Bosnja dhe Hercegovina; Platforma 27 nga Maqedonia e Veriut dhe Koalicionet 27 nga Kosova, Serbia dhe Mali i Zi.<\/p>\n\n\n","protected":false},"featured_media":3378,"template":"","class_list":["post-3377","gallery","type-gallery","status-publish","has-post-thumbnail","hentry"],"acf":[],"_links":{"self":[{"href":"https:\/\/uri.org.al\/sq\/wp-json\/wp\/v2\/gallery\/3377","targetHints":{"allow":["GET"]}}],"collection":[{"href":"https:\/\/uri.org.al\/sq\/wp-json\/wp\/v2\/gallery"}],"about":[{"href":"https:\/\/uri.org.al\/sq\/wp-json\/wp\/v2\/types\/gallery"}],"wp:featuredmedia":[{"embeddable":true,"href":"https:\/\/uri.org.al\/sq\/wp-json\/wp\/v2\/media\/3378"}],"wp:attachment":[{"href":"https:\/\/uri.org.al\/sq\/wp-json\/wp\/v2\/media?parent=3377"}],"curies":[{"name":"wp","href":"https:\/\/api.w.org\/{rel}","templated":true}]}}