{"id":3544,"date":"2023-04-24T14:08:52","date_gmt":"2023-04-24T14:08:52","guid":{"rendered":"https:\/\/uri.org.al\/?post_type=gallery&#038;p=3544"},"modified":"2023-06-07T08:49:18","modified_gmt":"2023-06-07T08:49:18","slug":"thirrje-shkrimtaret-e-rinj","status":"publish","type":"gallery","link":"https:\/\/uri.org.al\/sq\/gallery\/thirrje-shkrimtaret-e-rinj\/","title":{"rendered":"Thirrje e Hapur p\u00ebr Shkrimtar\u00ebt e Rinj"},"content":{"rendered":"\n<p><strong>(SHTYRJE E AFATIT)<\/strong> <strong>Konkursi i Shkrimtar\u00ebve t\u00eb Rinj: Shfaqja e territorit t\u00eb Kuk\u00ebsit p\u00ebrmes tregimeve t\u00eb shkurtra<\/strong><\/p>\n\n\n\n<p>Instituti i K\u00ebrkimeve Urbane ka k\u00ebnaq\u00ebsin\u00eb t\u00eb shpall\u00eb t\u00eb hapur konkursin p\u00ebr shkrimtar\u00ebt e rinj. Konkursi me tem\u00eb &#8220;Zbulo Kuk\u00ebsin&#8221;, organizohet si pjes\u00eb e projektit <a href=\"https:\/\/uri.org.al\/sq\/project\/ecoroutes\/\">ECOROUTES<\/a> dhe synon t\u00eb inkurajoj\u00eb dhe frym\u00ebzoj\u00eb shkrimtar\u00ebt e rinj q\u00eb t\u00eb eksplorojn\u00eb bukurit\u00eb e Kuk\u00ebsit dhe t\u00eb ndajn\u00eb k\u00ebndv\u00ebshtrimet e tyre unike me t\u00eb tjer\u00ebt. N\u00ebse jeni t\u00eb apasionuar pas historis\u00eb, kultur\u00ebs, traditave apo monumenteve kulturore e natyrore ky konkurs \u00ebsht\u00eb nj\u00eb mund\u00ebsi p\u00ebr t\u00eb treguar aft\u00ebsit\u00eb tuaja t\u00eb t\u00eb shkruarit dhe p\u00ebr t\u00eb promovuar diversitetin e Kuk\u00ebsit. <\/p>\n\n\n\n<p>Konkursi fton shkrimtar\u00ebt e rinj nga mosha 18 deri n\u00eb 33 vje\u00e7, q\u00eb kan\u00eb nj\u00eb lidhje t\u00eb fort\u00eb me Kuk\u00ebsin, t\u00eb marrin pjes\u00eb n\u00eb krijimin e tregimeve t\u00eb shkurtra q\u00eb nxjerrin n\u00eb pah ve\u00e7orit\u00eb lokale si territori, trash\u00ebgimia kulturore dhe traditat. Tregimet m\u00eb t\u00eb mira do t\u00eb p\u00ebrfshihen n\u00eb nj\u00eb lib\u00ebr unik q\u00eb do t\u00eb p\u00ebrmbaj\u00eb 20 tregime t\u00eb shkurtra, t\u00eb shkruara nga shkrimtar\u00eb t\u00eb rinj nga Shqip\u00ebria dhe Kosova. Libri do t\u00eb botohet dhe shp\u00ebrndahet n\u00eb t\u00eb gjith\u00eb zon\u00ebn e programit. <\/p>\n\n\n\n<p>Thirrja e hapur &#8220;Zbulo Kuk\u00ebsin&#8221; do t\u00eb zgjas\u00eb deri m\u00eb 31 maj 2023.* <\/p>\n\n\n\n<p>Ju lutemi gjeni dokumentet relevante t\u00eb bashk\u00eblidhura m\u00eb posht\u00eb: <\/p>\n\n\n\n<ul class=\"wp-block-list\">\n<li><a href=\"https:\/\/uri.org.al\/wp-content\/uploads\/2023\/06\/1.-Termat-e-References.docx\">Termat e Referenc\u00ebs<\/a><\/li>\n\n\n\n<li><a href=\"https:\/\/uri.org.al\/wp-content\/uploads\/2023\/06\/2.-Formulari-i-Aplikimit.docx\">Formulari i Aplikimit<\/a><\/li>\n<\/ul>\n\n\n\n<p><\/p>\n\n\n\n<p><strong>*Afati i aplikimit \u00ebsht\u00eb shtyr\u00eb deri m\u00eb 15 korrik 2023.<\/strong><\/p>\n","protected":false},"featured_media":3543,"template":"","class_list":["post-3544","gallery","type-gallery","status-publish","has-post-thumbnail","hentry"],"acf":[],"_links":{"self":[{"href":"https:\/\/uri.org.al\/sq\/wp-json\/wp\/v2\/gallery\/3544","targetHints":{"allow":["GET"]}}],"collection":[{"href":"https:\/\/uri.org.al\/sq\/wp-json\/wp\/v2\/gallery"}],"about":[{"href":"https:\/\/uri.org.al\/sq\/wp-json\/wp\/v2\/types\/gallery"}],"wp:featuredmedia":[{"embeddable":true,"href":"https:\/\/uri.org.al\/sq\/wp-json\/wp\/v2\/media\/3543"}],"wp:attachment":[{"href":"https:\/\/uri.org.al\/sq\/wp-json\/wp\/v2\/media?parent=3544"}],"curies":[{"name":"wp","href":"https:\/\/api.w.org\/{rel}","templated":true}]}}