{"id":1687,"date":"2017-03-11T11:46:00","date_gmt":"2017-03-11T11:46:00","guid":{"rendered":"http:\/\/uri.org.al\/?post_type=project&#038;p=1687"},"modified":"2022-02-04T11:48:17","modified_gmt":"2022-02-04T11:48:17","slug":"mbrojtje-rajonale-e-mjedisit-veprim-dhe-kohezion-ne-ballkanin-perendimor-rea","status":"publish","type":"project","link":"https:\/\/uri.org.al\/sq\/project\/mbrojtje-rajonale-e-mjedisit-veprim-dhe-kohezion-ne-ballkanin-perendimor-rea\/","title":{"rendered":"Mbrojtje Rajonale e Mjedisit, Veprim dhe Kohezion n\u00eb Ballkanin Per\u00ebndimor (REA)"},"content":{"rendered":"\n<p>Projekti \u201cMbrojtje Rajonale e Mjedisit, Veprim dhe Kohezion n\u00eb Ballkanin Per\u00ebndimor\u201d (REA) \u00ebsht\u00eb nism\u00eb rajonale, q\u00eb zbatohet n\u00eb 6 vende t\u00eb Ballkanit Per\u00ebndimor (Shqip\u00ebri ku IKU \u00ebsht\u00eb dhe Partneri Komb\u00ebtar, Mal i Zi, Serbi, Maqedoni, Kosov\u00eb dhe Bonja &amp;Hercegovina), me q\u00ebllim nd\u00ebrgjegj\u00ebsimin e vendimmarr\u00ebsve dhe grupet e interesit, q\u00eb \u00e7\u00ebshtjet e mjedisit dhe zhvillimit t\u00eb q\u00ebndruesh\u00ebm t\u00eb shihen si prioritete n\u00eb axhend\u00ebn komb\u00ebtare.<\/p>\n\n\n\n<figure class=\"wp-block-gallery has-nested-images columns-4 is-cropped wp-block-gallery-1 is-layout-flex wp-block-gallery-is-layout-flex\">\n<figure class=\"wp-block-image size-large\"><a href=\"https:\/\/uri.tokdev.al\/wp-content\/uploads\/2021\/11\/netherlands-embassy.png\" target=\"_blank\" rel=\"noopener\"><img loading=\"lazy\" decoding=\"async\" width=\"320\" height=\"139\" data-id=\"459\" src=\"https:\/\/uri.tokdev.al\/wp-content\/uploads\/2021\/11\/netherlands-embassy.png\" alt=\"\" class=\"wp-image-459\" srcset=\"https:\/\/uri.org.al\/wp-content\/uploads\/2021\/11\/netherlands-embassy.png 320w, https:\/\/uri.org.al\/wp-content\/uploads\/2021\/11\/netherlands-embassy-300x130.png 300w\" sizes=\"auto, (max-width: 320px) 100vw, 320px\" \/><\/a><\/figure>\n\n\n\n<figure class=\"wp-block-image size-large\"><a href=\"https:\/\/uri.tokdev.al\/wp-content\/uploads\/2021\/11\/IMG_0-16-1024x742.jpg\" target=\"_blank\" rel=\"noopener\"><img loading=\"lazy\" decoding=\"async\" width=\"1024\" height=\"742\" data-id=\"460\" src=\"https:\/\/uri.tokdev.al\/wp-content\/uploads\/2021\/11\/IMG_0-16-1024x742.jpg\" alt=\"\" class=\"wp-image-460\" srcset=\"https:\/\/uri.org.al\/wp-content\/uploads\/2021\/11\/IMG_0-16-1024x742.jpg 1024w, https:\/\/uri.org.al\/wp-content\/uploads\/2021\/11\/IMG_0-16-300x218.jpg 300w, https:\/\/uri.org.al\/wp-content\/uploads\/2021\/11\/IMG_0-16-768x557.jpg 768w, https:\/\/uri.org.al\/wp-content\/uploads\/2021\/11\/IMG_0-16.jpg 1280w\" sizes=\"auto, (max-width: 1024px) 100vw, 1024px\" \/><\/a><\/figure>\n\n\n\n<figure class=\"wp-block-image size-large\"><a href=\"https:\/\/uri.tokdev.al\/wp-content\/uploads\/2021\/11\/Bells-4.jpg\" target=\"_blank\" rel=\"noopener\"><img loading=\"lazy\" decoding=\"async\" width=\"320\" height=\"563\" data-id=\"461\" src=\"https:\/\/uri.tokdev.al\/wp-content\/uploads\/2021\/11\/Bells-4.jpg\" alt=\"\" class=\"wp-image-461\" srcset=\"https:\/\/uri.org.al\/wp-content\/uploads\/2021\/11\/Bells-4.jpg 320w, https:\/\/uri.org.al\/wp-content\/uploads\/2021\/11\/Bells-4-171x300.jpg 171w\" sizes=\"auto, (max-width: 320px) 100vw, 320px\" \/><\/a><\/figure>\n\n\n\n<figure class=\"wp-block-image size-large\"><a href=\"https:\/\/uri.tokdev.al\/wp-content\/uploads\/2021\/11\/885352_640571129326895_144018565_o.jpg\" target=\"_blank\" rel=\"noopener\"><img loading=\"lazy\" decoding=\"async\" width=\"1024\" height=\"768\" data-id=\"462\" src=\"https:\/\/uri.tokdev.al\/wp-content\/uploads\/2021\/11\/885352_640571129326895_144018565_o.jpg\" alt=\"\" class=\"wp-image-462\" srcset=\"https:\/\/uri.org.al\/wp-content\/uploads\/2021\/11\/885352_640571129326895_144018565_o.jpg 1024w, https:\/\/uri.org.al\/wp-content\/uploads\/2021\/11\/885352_640571129326895_144018565_o-300x225.jpg 300w, https:\/\/uri.org.al\/wp-content\/uploads\/2021\/11\/885352_640571129326895_144018565_o-768x576.jpg 768w\" sizes=\"auto, (max-width: 1024px) 100vw, 1024px\" \/><\/a><\/figure>\n<\/figure>\n\n\n\n<p class=\"has-light-green-cyan-color has-text-color\"><a href=\"http:\/\/www.uri.org.al\/new\/wp-content\/uploads\/2015\/04\/Mbrojtje-Rajonale-e-Mjedisit-Veprim-dhe-Kohezion-n%C3%AB-Ballkanin2.pdf\">Lexo m\u00eb shum\u00eb<\/a><\/p>\n","protected":false},"featured_media":1055,"template":"","class_list":["post-1687","project","type-project","status-publish","has-post-thumbnail","hentry","project_categories-mjedisi-dhe-turizmi","project_categories-eksperienca-nderkombetare"],"acf":[],"_links":{"self":[{"href":"https:\/\/uri.org.al\/sq\/wp-json\/wp\/v2\/project\/1687","targetHints":{"allow":["GET"]}}],"collection":[{"href":"https:\/\/uri.org.al\/sq\/wp-json\/wp\/v2\/project"}],"about":[{"href":"https:\/\/uri.org.al\/sq\/wp-json\/wp\/v2\/types\/project"}],"wp:featuredmedia":[{"embeddable":true,"href":"https:\/\/uri.org.al\/sq\/wp-json\/wp\/v2\/media\/1055"}],"wp:attachment":[{"href":"https:\/\/uri.org.al\/sq\/wp-json\/wp\/v2\/media?parent=1687"}],"curies":[{"name":"wp","href":"https:\/\/api.w.org\/{rel}","templated":true}]}}