{"id":2824,"date":"2020-03-20T10:05:36","date_gmt":"2020-03-20T10:05:36","guid":{"rendered":"https:\/\/uri.org.al\/?post_type=publication&#038;p=2824"},"modified":"2022-06-14T14:00:40","modified_gmt":"2022-06-14T14:00:40","slug":"anketa-telefonike-pak","status":"publish","type":"publication","link":"https:\/\/uri.org.al\/sq\/publication\/anketa-telefonike-pak\/","title":{"rendered":"Raport i Anket\u00ebs Telefonike: Vler\u00ebsim p\u00ebr Aft\u00ebsit\u00eb e Kufizuara"},"content":{"rendered":"\n<p>Megjith\u00ebse parandalimi i fatkeq\u00ebsive po fiton nj\u00eb r\u00ebnd\u00ebsi t\u00eb shtuar n\u00eb Rregulloret e Shqip\u00ebris\u00eb dhe Greqis\u00eb dhe n\u00eb prioritetet e autoriteteve vendore n\u00eb rajon, t\u00eb dh\u00ebnat baz\u00eb dhe udh\u00ebzimet strategjike se si t\u00eb zbatohet p\u00ebrcaktimi p\u00ebrkat\u00ebs i prioriteteve dhe si t\u00eb mb\u00ebshteten masat e parandalimit dhe reagimit ndaj rreziqeve. mungojn\u00eb qytetar\u00ebt me l\u00ebvizshm\u00ebri dhe autonomi t\u00eb reduktuar, si Personat me Aft\u00ebsi t\u00eb Kufizuara (PAK) dhe t\u00eb moshuarit me nevoja t\u00eb ve\u00e7anta. Projekti Nd\u00ebrgjegj\u00ebsimi, P\u00ebrgatitja, Pjes\u00ebmarrja dhe Koordinimi i Publikut p\u00ebr Mbrojtjen Civile p\u00ebr t\u00eb Gjith\u00eb (4PLUS) ka promovuar perceptimin e aft\u00ebsis\u00eb s\u00eb kufizuar si pjes\u00eb e diversitetit njer\u00ebzor, duke siguruar q\u00eb t\u00eb drejtat e PAK t\u00eb respektohen n\u00eb t\u00eb nj\u00ebjt\u00ebn m\u00ebnyr\u00eb si t\u00eb gjith\u00eb qytetar\u00ebt e tjer\u00eb.<\/p>\n\n\n\n<p>N\u00eb kuad\u00ebr t\u00eb projektit 4PLUS, Instituti i K\u00ebrkimeve Urbane kreu nj\u00eb Anket\u00eb Telefonike nga shtatori deri n\u00eb dhjetor 2019, p\u00ebr t\u00eb vler\u00ebsuar nivelin e p\u00ebrfshirjes s\u00eb personave me aft\u00ebsi t\u00eb kufizuara n\u00eb jet\u00ebn civile. proceset e mbrojtjes dhe reduktimit t\u00eb rrezikut nga fatkeq\u00ebsit\u00eb n\u00eb rajonet e mbuluara nga Programi Interreg IPA CBC Greqi-Shqip\u00ebri 2014-2020; si dhe p\u00ebr t\u00eb vler\u00ebsuar nivelin e nd\u00ebrgjegj\u00ebsimit t\u00eb PAK dhe brenda shoq\u00ebris\u00eb n\u00eb p\u00ebrgjith\u00ebsi p\u00ebr nevojat, rreziqet aktuale dhe llojet e p\u00ebrjashtimit me t\u00eb cilat p\u00ebrballen PAK n\u00eb periudha rreziqesh, etj. Gjithsej 1000 individ\u00eb u intervistuan me telefon p\u00ebr k\u00ebt\u00eb sondazh, nga t\u00eb cil\u00ebt 300 ishin persona me aft\u00ebsi t\u00eb kufizuara dhe\/ose persona me l\u00ebvizshm\u00ebri t\u00eb kufizuar. <\/p>\n\n\n\n<p><a href=\"https:\/\/uri.org.al\/wp-content\/uploads\/2022\/06\/Anketa-Telefonike-4PLUS.pdf\">Lexo m\u00eb shum\u00eb<\/a><\/p>\n","protected":false},"featured_media":2823,"template":"","categories":[],"class_list":["post-2824","publication","type-publication","status-publish","has-post-thumbnail","hentry"],"acf":[],"_links":{"self":[{"href":"https:\/\/uri.org.al\/sq\/wp-json\/wp\/v2\/publication\/2824","targetHints":{"allow":["GET"]}}],"collection":[{"href":"https:\/\/uri.org.al\/sq\/wp-json\/wp\/v2\/publication"}],"about":[{"href":"https:\/\/uri.org.al\/sq\/wp-json\/wp\/v2\/types\/publication"}],"wp:featuredmedia":[{"embeddable":true,"href":"https:\/\/uri.org.al\/sq\/wp-json\/wp\/v2\/media\/2823"}],"wp:attachment":[{"href":"https:\/\/uri.org.al\/sq\/wp-json\/wp\/v2\/media?parent=2824"}],"wp:term":[{"taxonomy":"category","embeddable":true,"href":"https:\/\/uri.org.al\/sq\/wp-json\/wp\/v2\/categories?post=2824"}],"curies":[{"name":"wp","href":"https:\/\/api.w.org\/{rel}","templated":true}]}}