{"id":4501,"date":"2026-04-09T11:39:07","date_gmt":"2026-04-09T11:39:07","guid":{"rendered":"https:\/\/uri.org.al\/publication\/takimi-i-trete-i-komunitetit-te-praktikes-per-zgjidhjet-e-bazuara-ne-natyre-nbs-mblidhet-ne-ballkanin-perendimor\/"},"modified":"2026-04-09T11:46:29","modified_gmt":"2026-04-09T11:46:29","slug":"takimi-i-trete-i-komunitetit-te-praktikes-per-zgjidhjet-e-bazuara-ne-natyre-nbs-mblidhet-ne-ballkanin-perendimor","status":"publish","type":"publication","link":"https:\/\/uri.org.al\/sq\/publication\/takimi-i-trete-i-komunitetit-te-praktikes-per-zgjidhjet-e-bazuara-ne-natyre-nbs-mblidhet-ne-ballkanin-perendimor\/","title":{"rendered":"Takimi i Tret\u00eb i Komunitetit t\u00eb Praktik\u00ebs p\u00ebr Zgjidhjet e Bazuara n\u00eb Natyr\u00eb (NbS) Mblidhet n\u00eb Ballkanin Per\u00ebndimor"},"content":{"rendered":"\n<p>Nga 25 deri m\u00eb 27 mars 2026, Instituti i K\u00ebrkimeve Urbane (URI) mori pjes\u00eb n\u00eb Takimin e Tret\u00eb t\u00eb Komunitetit t\u00eb Praktik\u00ebs (CoP) p\u00ebr Zgjidhjet e Bazuara n\u00eb Natyr\u00eb (NbS), i mbajtur n\u00eb Fru\u0161ka Gora, Serbi. Pun\u00ebtoria rajonale u organizua nga IUCN n\u00eb kuad\u00ebr t\u00eb projektit ADAPT 2.0, i cili mb\u00ebshtet zbutjen dhe p\u00ebrshtatjen ndaj ndryshimeve klimatike p\u00ebrmes qasjeve t\u00eb bazuara n\u00eb ekosisteme n\u00eb t\u00eb gjith\u00eb Ballkanin Per\u00ebndimor. <\/p>\n\n<p>Takimi mblodhi s\u00eb bashku p\u00ebrfaq\u00ebsues nga shoq\u00ebria civile, akademia dhe institucionet k\u00ebrkimore nga i gjith\u00eb rajoni, p\u00ebrfshir\u00eb pjes\u00ebmarr\u00ebs nga Serbia, Bosnja dhe Hercegovina, Kosova, Mali i Zi, Maqedonia e Veriut dhe Shqip\u00ebria. Ai sh\u00ebrbeu si nj\u00eb platform\u00eb e r\u00ebnd\u00ebsishme p\u00ebr forcimin e bashk\u00ebpunimit dhe shk\u00ebmbimin e njohurive mbi zbatimin praktik t\u00eb Zgjidhjeve t\u00eb Bazuara n\u00eb Natyr\u00eb n\u00eb kontekste t\u00eb ndryshme territoriale. <\/p>\n<div class=\"wp-block-image\">\n<figure class=\"aligncenter size-full is-resized\"><img loading=\"lazy\" decoding=\"async\" width=\"851\" height=\"838\" src=\"https:\/\/uri.org.al\/wp-content\/uploads\/2026\/04\/Screenshot-2026-04-03-120855.png\" alt=\"\" class=\"wp-image-4476\" style=\"aspect-ratio:1.015527598322566;width:380px;height:auto\" srcset=\"https:\/\/uri.org.al\/wp-content\/uploads\/2026\/04\/Screenshot-2026-04-03-120855.png 851w, https:\/\/uri.org.al\/wp-content\/uploads\/2026\/04\/Screenshot-2026-04-03-120855-300x295.png 300w, https:\/\/uri.org.al\/wp-content\/uploads\/2026\/04\/Screenshot-2026-04-03-120855-768x756.png 768w, https:\/\/uri.org.al\/wp-content\/uploads\/2026\/04\/Screenshot-2026-04-03-120855-50x49.png 50w\" sizes=\"auto, (max-width: 851px) 100vw, 851px\" \/><\/figure>\n<\/div>\n<p>Nj\u00eb nd\u00ebr \u00e7\u00ebshtjet kryesore n\u00eb qend\u00ebr t\u00eb k\u00ebtij takimi rajonal ishte avancimi i qasjeve t\u00eb bazuara n\u00eb ekosisteme, t\u00eb cilat kontribuojn\u00eb n\u00eb rritjen e q\u00ebndrueshm\u00ebris\u00eb ndaj ndryshimeve klimatike, mbrojtjen e biodiversitetit, si dhe menaxhimin e q\u00ebndruesh\u00ebm t\u00eb tok\u00ebs dhe uj\u00ebrave. Diskutimet u nd\u00ebrlidh\u00ebn ngusht\u00eb me p\u00ebrpjekjet rajonale p\u00ebr integrimin e Zgjidhjeve t\u00eb Bazuara n\u00eb Natyr\u00eb n\u00eb kuadrin e politikave dhe proceseve t\u00eb planifikimit, p\u00ebrfshir\u00eb nismat p\u00ebr restaurimin e peizazheve pyjore dhe agjendat m\u00eb t\u00eb gjera mjedisore n\u00eb Ballkanin Per\u00ebndimor. <\/p>\n\n<p>URI kontribuoi n\u00eb m\u00ebnyr\u00eb aktive n\u00eb diskutime duke prezantuar p\u00ebrvoj\u00ebn dhe rastet studimore nga Shqip\u00ebria, ve\u00e7an\u00ebrisht nga Elbasani dhe Tropoja. K\u00ebta shembuj vun\u00eb n\u00eb pah rolin e Zgjidhjeve t\u00eb Bazuara n\u00eb Natyr\u00eb n\u00eb p\u00ebrballimin e sfidave mjedisore, si erozioni, degradimi i tok\u00ebs dhe restaurimi i ekosistemeve, nd\u00ebrsa nj\u00ebkoh\u00ebsisht d\u00ebshmuan r\u00ebnd\u00ebsin\u00eb e nd\u00ebrhyrjeve t\u00eb mb\u00ebshtetura n\u00eb t\u00eb dh\u00ebna dhe t\u00eb p\u00ebrshtatura me kushtet vendore. <\/p>\n\n<p>Takimi p\u00ebrfshiu gjithashtu sesione nd\u00ebrvepruese n\u00eb grup, ku pjes\u00ebmarr\u00ebsit vler\u00ebsuan n\u00eb m\u00ebnyr\u00eb t\u00eb p\u00ebrbashk\u00ebt skenar\u00eb t\u00eb ndrysh\u00ebm dhe hartuan zgjidhje t\u00eb p\u00ebrshtatura t\u00eb bazuara n\u00eb natyr\u00eb. K\u00ebto shk\u00ebmbime ndihmuan n\u00eb thellimin e kuptimit mbi m\u00ebnyr\u00ebn se si Zgjidhjet e Bazuara n\u00eb Natyr\u00eb mund t\u00eb zbatohen n\u00eb m\u00ebnyr\u00eb efektive n\u00eb kontekste t\u00eb ndryshme mjedisore dhe socio-ekonomike, duke nxitur nj\u00ebkoh\u00ebsisht ndarjen e p\u00ebrvojave praktike dhe m\u00ebsimeve t\u00eb nxjerra. <\/p>\n\n<p>P\u00ebrtej diskutimeve teknike, takimi riafirmoi r\u00ebnd\u00ebsin\u00eb e bashk\u00ebpunimit rajonal p\u00ebr zgjerimin dhe zbatimin m\u00eb t\u00eb gjer\u00eb t\u00eb Zgjidhjeve t\u00eb Bazuara n\u00eb Natyr\u00eb. Ai kontribuoi n\u00eb krijimin e nj\u00eb kuptimi t\u00eb p\u00ebrbashk\u00ebt mbi sfidat dhe mund\u00ebsit\u00eb e p\u00ebrbashk\u00ebta, duke forcuar nj\u00ebkoh\u00ebsisht partneritetet nd\u00ebrmjet institucioneve q\u00eb punojn\u00eb p\u00ebr nj\u00eb Ballkan Per\u00ebndimor m\u00eb t\u00eb q\u00ebndruesh\u00ebm dhe m\u00eb rezistent. <\/p>\n<div class=\"wp-block-image\">\n<figure class=\"aligncenter size-large is-resized\"><img loading=\"lazy\" decoding=\"async\" width=\"1024\" height=\"768\" src=\"https:\/\/uri.org.al\/wp-content\/uploads\/2026\/04\/IMG_6206-1024x768.jpeg\" alt=\"\" class=\"wp-image-4478\" style=\"width:498px;height:auto\" srcset=\"https:\/\/uri.org.al\/wp-content\/uploads\/2026\/04\/IMG_6206-1024x768.jpeg 1024w, https:\/\/uri.org.al\/wp-content\/uploads\/2026\/04\/IMG_6206-300x225.jpeg 300w, https:\/\/uri.org.al\/wp-content\/uploads\/2026\/04\/IMG_6206-768x576.jpeg 768w, https:\/\/uri.org.al\/wp-content\/uploads\/2026\/04\/IMG_6206-50x38.jpeg 50w, https:\/\/uri.org.al\/wp-content\/uploads\/2026\/04\/IMG_6206-1600x1200.jpeg 1600w, https:\/\/uri.org.al\/wp-content\/uploads\/2026\/04\/IMG_6206-1536x1152.jpeg 1536w, https:\/\/uri.org.al\/wp-content\/uploads\/2026\/04\/IMG_6206-2048x1536.jpeg 2048w\" sizes=\"auto, (max-width: 1024px) 100vw, 1024px\" \/><\/figure>\n<\/div>\n<p>Veprimtaria u p\u00ebrmbyll me nj\u00eb angazhim t\u00eb rip\u00ebrt\u00ebrir\u00eb nga pjes\u00ebmarr\u00ebsit p\u00ebr t\u00eb vijuar avancimin e Zgjidhjeve t\u00eb Bazuara n\u00eb Natyr\u00eb p\u00ebrmes p\u00ebrpjekjeve t\u00eb koordinuara, k\u00ebrkimit t\u00eb aplikuar dhe integrimit n\u00eb politika.<\/p>\n\n<p><strong>Roli Strategjik i URI-t n\u00eb Avancimin e Zgjidhjeve t\u00eb Bazuara n\u00eb Natyr\u00eb n\u00eb Shqip\u00ebri dhe n\u00eb Rajon<\/strong><\/p>\n\n<p>P\u00ebrmes angazhimit t\u00eb vazhduesh\u00ebm n\u00eb platformat rajonale dhe pun\u00ebs s\u00eb tij t\u00eb aplikuar n\u00eb nivel vendor, URI po pozicionohet si nj\u00eb kontribues i r\u00ebnd\u00ebsish\u00ebm n\u00eb avancimin e Zgjidhjeve t\u00eb Bazuara n\u00eb Natyr\u00eb n\u00eb Shqip\u00ebri dhe n\u00eb Ballkanin Per\u00ebndimor. Duke nd\u00ebrthurur ekspertiz\u00ebn shkencore me zbatimin praktik, URI mb\u00ebshtet zhvillimin e qasjeve t\u00eb shkall\u00ebzueshme dhe t\u00eb mb\u00ebshtetura n\u00eb evidenc\u00eb, t\u00eb cilat adresojn\u00eb sfida mjedisore si erozioni, degradimi i ekosistemeve dhe ndjeshm\u00ebria ndaj ndryshimeve klimatike. Pjes\u00ebmarrja e tij n\u00eb nisma rajonale, si Komuniteti i Praktik\u00ebs p\u00ebr Zgjidhjet e Bazuara n\u00eb Natyr\u00eb, e forcon m\u00eb tej rolin e URI-t si ur\u00eb lidh\u00ebse nd\u00ebrmjet p\u00ebrvoj\u00ebs vendore, proceseve rajonale t\u00eb politik\u00ebb\u00ebrjes dhe shk\u00ebmbimit t\u00eb njohurive.  <\/p>\n","protected":false},"featured_media":4503,"template":"","categories":[],"class_list":["post-4501","publication","type-publication","status-publish","has-post-thumbnail","hentry"],"acf":[],"_links":{"self":[{"href":"https:\/\/uri.org.al\/sq\/wp-json\/wp\/v2\/publication\/4501","targetHints":{"allow":["GET"]}}],"collection":[{"href":"https:\/\/uri.org.al\/sq\/wp-json\/wp\/v2\/publication"}],"about":[{"href":"https:\/\/uri.org.al\/sq\/wp-json\/wp\/v2\/types\/publication"}],"wp:featuredmedia":[{"embeddable":true,"href":"https:\/\/uri.org.al\/sq\/wp-json\/wp\/v2\/media\/4503"}],"wp:attachment":[{"href":"https:\/\/uri.org.al\/sq\/wp-json\/wp\/v2\/media?parent=4501"}],"wp:term":[{"taxonomy":"category","embeddable":true,"href":"https:\/\/uri.org.al\/sq\/wp-json\/wp\/v2\/categories?post=4501"}],"curies":[{"name":"wp","href":"https:\/\/api.w.org\/{rel}","templated":true}]}}